{"id":1000,"date":"2022-02-01T06:35:44","date_gmt":"2022-02-01T05:35:44","guid":{"rendered":"https:\/\/narocneprojekty.sk\/?page_id=1000"},"modified":"2022-02-01T06:35:45","modified_gmt":"2022-02-01T05:35:45","slug":"osobne-udaje","status":"publish","type":"page","link":"https:\/\/narocneprojekty.sk\/index.php\/osobne-udaje\/","title":{"rendered":"Osobn\u00e9 \u00fadaje"},"content":{"rendered":"<div id='av_section_1'  class='avia-section av-av_section-d22d0925bbe873903d870fa53c85a800 main_color avia-section-default avia-no-border-styling  avia-builder-el-0  avia-builder-el-no-sibling  avia-bg-style-scroll container_wrap fullsize'  ><div class='container av-section-cont-open' ><main  role=\"main\" itemprop=\"mainContentOfPage\"  class='template-page content  av-content-full alpha units'><div class='post-entry post-entry-type-page post-entry-1000'><div class='entry-content-wrapper clearfix'>\n<section  class='av_textblock_section av-kz3otatg-81cf2798afe5dc2a3459624427ff4afa '   itemscope=\"itemscope\" itemtype=\"https:\/\/schema.org\/CreativeWork\" ><div class='avia_textblock'  itemprop=\"text\" ><div class=\"panel-center col-lg-9 col-md-9 col-sm-12\">\n<article id=\"post-4231\" class=\"post-4231 page type-page status-publish hentry\">\n<div class=\"entry-content post-content\">\n<h2><strong>Inform\u00e1cia\u00a0<\/strong><strong>o\u00a0sprac\u00favan\u00ed osobn\u00fdch \u00fadajov dotknut\u00fdch os\u00f4b<\/strong><\/h2>\n<p>pod\u013ea \u010dl.13 a\u00a0\u010dl.14 Nariadenia Eur\u00f3pskeho parlamentu a\u00a0Rady EU \u010d.2016\/679 (\u010falej len \u201eNariadenie\u201c) a \u00a719 a \u00a720 Z\u00e1kona \u010d.18\/2018 Z.z. o\u00a0ochrane osobn\u00fdch \u00fadajov (\u010falej len \u201eZ\u00e1kon\u201c).<\/p>\n<ol>\n<li>Spolo\u010dnos\u0165 Ekoprofil, s.r.o. so s\u00eddlom Antona Bernol\u00e1ka 75\/35, 010 01 \u017dilina, I\u010cO: 36\u00a0773\u00a0727, I\u010c DPH: SK 202\u00a0237 2242, email:\u00a0<a href=\"mailto:centrala@ekoprofil.sk\">centrala@ekoprofil.sk<\/a>, ako Prev\u00e1dzkovate\u013e sprac\u00fava osobn\u00e9 \u00fadaje Dotknut\u00fdch os\u00f4b.<\/li>\n<li>Prev\u00e1dzkovate\u013e je na z\u00e1klade \u201eDohody prev\u00e1dzkovate\u013eov o\u00a0spolo\u010dnom sprac\u00favan\u00ed osobn\u00fdch \u00fadajov\u201c so spolo\u010dnos\u0165ami<\/li>\n<li>Ekoprofil Mont,s.r.o. so s\u00eddlom Antona Bernol\u00e1ka 75\/35, 010 01 \u017dilina, I\u010cO: 44\u00a0043\u00a0236,<\/li>\n<li>Ekoprofil Stav, s.r.o. so s\u00eddlom Antona Bernol\u00e1ka 75\/35, 010 01 \u017dilina, I\u010cO: 51\u00a0135 868,<\/li>\n<\/ol>\n<p>z\u00e1rove\u0148 Spolo\u010dn\u00fdm prev\u00e1dzkovate\u013eom pod\u013ea \u010dl.26 Nariadenia a \u00a733 Z\u00e1kona.<\/p>\n<ol start=\"3\">\n<li>Osobn\u00e9 \u00fadaje Dotknut\u00fdch os\u00f4b s\u00fa sprac\u00favan\u00e9 na z\u00e1klade:<\/li>\n<li>plnenia zmluvn\u00fdch povinnost\u00ed Prev\u00e1dzkovate\u013ea pod\u013ea Zmluvy, ktor\u00fdch zmluvnou stranou je Dotknut\u00e1 osoby,<\/li>\n<li>plnenia z\u00e1konn\u00fdch povinnost\u00ed Prev\u00e1dzkovate\u013ea pod\u013ea osobitn\u00fdch predpisov,<\/li>\n<li>\u017eiadosti Dotknutej osoby na vykonanie opatren\u00ed pred uzatvoren\u00edm Zmluvy<\/li>\n<li>s\u00fahlasu Dotknutej osoby na \u00fa\u010dely propag\u00e1cie Prev\u00e1dzkovate\u013ea, reklamy, priameho marketingu, zasielania newsletterov a\u00a0zaradenia do spotrebite\u013esk\u00fdch s\u00fa\u0165a\u017e\u00ed vyhl\u00e1sen\u00fdch Prev\u00e1dzkovate\u013eom,<\/li>\n<li>opr\u00e1vnen\u00e9ho z\u00e1ujmu Prev\u00e1dzkovate\u013ea na \u00fa\u010dely priameho marketingu, zasielania newsletterov a\u00a0reklamy.<\/li>\n<li>Dotknut\u00e9 osoby, ktor\u00fdch osobn\u00e9 \u00fadaje sa sprac\u00favaj\u00fa s\u00fa fyzick\u00e9 osoby \u2013 z\u00e1kazn\u00edci Prev\u00e1dzkovate\u013ea, potencion\u00e1lni z\u00e1kazn\u00edci Prev\u00e1dzkovate\u013ea a\u00a0obchodn\u00ed partneri Prev\u00e1dzkovate\u013ea.<\/li>\n<li>Prev\u00e1dzkovate\u013e sprac\u00fava osobn\u00e9 \u00fadaje fyzick\u00fdch os\u00f4b v\u00a0rozsahu: titul, meno, priezvisko, adresa trval\u00e9ho pobytu, kore\u0161ponden\u010dn\u00e1 adresa, emailov\u00e1 adresa, telefonick\u00fd kontakt, d\u00e1tum narodenia, \u010d\u00edslo dokladu toto\u017enosti, fotografia alebo videoz\u00e1znam bydliska fyzick\u00fdch os\u00f4b.<\/li>\n<li>Prev\u00e1dzkovate\u013e nevykon\u00e1va prenos osobn\u00fdch \u00fadajov do tret\u00edch kraj\u00edn a\u00a0medzin\u00e1rodn\u00fdch organiz\u00e1ci\u00ed.<\/li>\n<li>Prev\u00e1dzkovate\u013e m\u00f4\u017ee poskytn\u00fa\u0165 osobn\u00e9 \u00fadaje pr\u00edjemcovi, ktor\u00fd je pod\u013ea osobitn\u00fdch z\u00e1konov opr\u00e1vnen\u00fdm subjektom alebo Sprostredkovate\u013eom sprac\u00favaj\u00facim osobn\u00e9 \u00fadaje na z\u00e1klade sprostredkovate\u013eskej zmluvy s\u00a0Prev\u00e1dzkovate\u013eom.<\/li>\n<li>Prev\u00e1dzkovate\u013e z\u00edskava osobn\u00e9 \u00fadaje Dotknutej osoby priamo od Dotknutej osoby osobne alebo emailom.<\/li>\n<li>Doba sprac\u00favania osobn\u00fdch \u00fadajov je z\u00e1visl\u00e1 od kateg\u00f3rie sprac\u00favan\u00fdch osobn\u00fdch \u00fadajov a\u00a0doby trvania z\u00e1konn\u00fdch alebo zmluvn\u00fdch d\u00f4vodov ur\u010den\u00fdch osobitn\u00fdmi predpismi, po dobu nevyhnutn\u00fa na splnenie \u00fa\u010delu:<\/li>\n<\/ol>\n<ul>\n<li>pod\u013ea bodu 3 p\u00edsm. a) po dobu trvania zmluvn\u00e9ho vz\u0165ahu, najviac po dobu 12 rokov od uzatvorenia zmluvn\u00e9ho vz\u0165ahu;<\/li>\n<li>pod\u013ea bodu 3 p\u00edsm. b) po dobu trvania z\u00e1konn\u00fdch povinnost\u00ed Prev\u00e1dzkovate\u013ea vypl\u00fdvaj\u00facich z\u00a0osobitn\u00fdch predpisov, najviac po dobu 12 rokov od vzniku takejto povinnosti, \u00fa\u010dtovn\u00e9 a\u00a0da\u0148ov\u00e9 doklady pod dobu 10 rokov;<\/li>\n<li>pod\u013ea bodu 3 p\u00edsm. c) po dobu podania \u017eiadosti dotknutej osoby na za\u010datie rokovan\u00ed o\u00a0uzatvorenie zmluvn\u00e9ho vz\u0165ahu a\u017e do doby kedy bude zrejm\u00e9, \u017ee k\u00a0uzatvoreniu zmluvn\u00e9ho vz\u0165ahu ned\u00f4jde (v takom pr\u00edpade bud\u00fa osobn\u00e9 \u00fadaje Dotknutej osoby vymazan\u00e9);<\/li>\n<li>pod\u013ea bodu 3 p\u00edsm. d) po dobu trvania s\u00fahlasu Dotknutej osoby, pr\u00edpadne do doby ne\u017e svoj s\u00fahlas Dotknut\u00e1 osoba odvol\u00e1 alebo po\u017eiada o\u00a0v\u00fdmaz osobn\u00fdch \u00fadajov, ktor\u00e9 sa jej t\u00fdkaj\u00fa;<\/li>\n<li>pod\u013ea bodu 3 p\u00edsm. e) po dobu trvania opr\u00e1vnen\u00e9ho z\u00e1ujmu Prev\u00e1dzkovate\u013ea, najnesk\u00f4r do doby ne\u017e svoj s\u00fahlas Dotknut\u00e1 osoba odvol\u00e1 alebo po\u017eiada o\u00a0v\u00fdmaz osobn\u00fdch \u00fadajov, ktor\u00e9 sa jej t\u00fdkaj\u00fa;<\/li>\n<li>Prev\u00e1dzkovate\u013e nesprac\u00fava osobn\u00e9 \u00fadaje profilovan\u00edm ani sp\u00f4sobom zalo\u017een\u00fdm na automatizovanom individu\u00e1lnom rozhodovan\u00ed.<\/li>\n<\/ul>\n<p><strong>Pr\u00e1va Dotknut\u00fdch os\u00f4b<\/strong>:<\/p>\n<ol>\n<li>Pr\u00e1vo na pr\u00edstup k\u00a0osobn\u00fdm \u00fadajom, ktor\u00e9 Prev\u00e1dzkovate\u013e o\u00a0nej sprac\u00fava a\u00a0inform\u00e1cie t\u00fdchto osobn\u00fdch \u00fadajoch (\u00a721 Z\u00e1kona).<\/li>\n<li>Pr\u00e1vo na opravu osobn\u00fdch \u00fadajov v\u00a0pr\u00edpade, \u017ee Prev\u00e1dzkovate\u013e sprac\u00fava nespr\u00e1vne alebo ne\u00fapln\u00e9 osobn\u00e9 \u00fadaje (\u00a722 Z\u00e1kona).<\/li>\n<li>Pr\u00e1vo na v\u00fdmaz osobn\u00fdch \u00fadajov, ktor\u00e9 sa jej t\u00fdkaj\u00fa (\u00a723 Z\u00e1kona).<\/li>\n<li>Pr\u00e1vo na obmedzenie sprac\u00favania osobn\u00fdch \u00fadajov (\u00a724 Z\u00e1kona).<\/li>\n<li>Pr\u00e1vo na prenosnos\u0165 osobn\u00fdch \u00fadajov k\u00a0in\u00e9mu Prev\u00e1dzkovate\u013eovi (\u00a726 Z\u00e1kona).<\/li>\n<li>Pr\u00e1vo namieta\u0165 sprac\u00favanie osobn\u00fdch \u00fadajov (\u00a727 Z\u00e1kona).<\/li>\n<li>Pr\u00e1vo namieta\u0165 profilovanie a\u00a0automatizovan\u00e9 individu\u00e1lne rozhodovanie (\u00a728 Z\u00e1kona)<\/li>\n<li>Pr\u00e1vo poda\u0165 n\u00e1vrh na za\u010datie konania dozorn\u00e9mu org\u00e1nu<\/li>\n<li>Pr\u00e1vo na n\u00e1hradu \u0161kody (\u00a738 Z\u00e1kona)<\/li>\n<li>Pr\u00e1vo kedyko\u013evek odvola\u0165 svoj s\u00fahlas, ktor\u00fd Dotknut\u00e1 osoba udelila Prev\u00e1dzkovate\u013eovi na sprac\u00favanie osobn\u00fdch \u00fadajov, ktor\u00e9 sa jej t\u00fdkaj\u00fa. Odvolanie nem\u00e1 vplyv na z\u00e1konnos\u0165 sprac\u00favania osobn\u00fdch \u00fadajov zalo\u017eenom na s\u00fahlase pred jeho odvolan\u00edm. Pred poskytnut\u00edm mus\u00ed by\u0165 Dotknut\u00e1 osoba o\u00a0tejto skuto\u010dnosti informovan\u00e1. Dotknut\u00e1 osoba m\u00f4\u017ee svoj s\u00fahlas odvola\u0165 rovnak\u00fdm sp\u00f4sobom, ak\u00fdm ho udelila.<\/li>\n<li>Dotknut\u00e1 osoba m\u00f4\u017ee uplatni\u0165 svoje pr\u00e1va p\u00edsomne na adrese Prev\u00e1dzkovate\u013ea alebo zaslan\u00edm mailu na adresu\u00a0<a href=\"mailto:centrala@ekoprofil.sk\">centrala@ekoprofil.sk<\/a>.<\/li>\n<\/ol>\n<p>\u017diados\u0165 Dotknutej osoby uplat\u0148uj\u00facej svoje vy\u0161\u0161ie uveden\u00e9 pr\u00e1va bud\u00fa vybaven\u00e9 bez zbyto\u010dn\u00e9ho odkladu, najnesk\u00f4r do jedn\u00e9ho mesiaca odo d\u0148a jej doru\u010denia. Vo v\u00fdnimo\u010dn\u00fdch pr\u00edpadoch m\u00f4\u017ee by\u0165 t\u00e1to lehota pred\u013a\u017een\u00e1 o\u00a0\u010fal\u0161ie dva mesiace, o\u00a0\u010dom bude Dotknut\u00e1 osoba informovan\u00e1.<\/p>\n<\/div>\n<\/article>\n<\/div>\n<div class=\"sidebar col-lg-3 col-md-3 col-sm-12\" role=\"complementary\">\n<div class=\"widget-area\">\n<aside id=\"media_image-13\" class=\"widget widget_media_image\"><a href=\"https:\/\/www.ekoprofil.sk\/aktualna-akcia-plastove-okna\/\"><img loading=\"lazy\" decoding=\"async\" class=\"image wp-image-9703  attachment-full size-full\" src=\"https:\/\/www.ekoprofil.sk\/wp-content\/uploads\/2021\/02\/ekoprofil_BUTTONY_Akcia-new.jpg\" alt=\"\" width=\"255\" height=\"104\" \/><\/a><\/aside>\n<aside id=\"media_image-14\" class=\"widget widget_media_image\"><a href=\"https:\/\/www.ekoprofil.sk\/osobne-udaje\/#dopyt\"><img loading=\"lazy\" decoding=\"async\" class=\"image wp-image-9704  attachment-full size-full\" src=\"https:\/\/www.ekoprofil.sk\/wp-content\/uploads\/2021\/02\/ekoprofil_BUTTONY_CenovaPonuka-new.jpg\" alt=\"\" width=\"255\" height=\"104\" \/><\/a><\/aside>\n<aside id=\"media_image-15\" class=\"widget widget_media_image\"><a href=\"https:\/\/www.ekoprofil.sk\/formular-pre-zaujemcov-o-spolupracu-2\/\"><img loading=\"lazy\" decoding=\"async\" class=\"image wp-image-9706  attachment-full size-full\" src=\"https:\/\/www.ekoprofil.sk\/wp-content\/uploads\/2021\/02\/ekoprofil_BUTTONY_Spolupraca-new.jpg\" alt=\"\" width=\"255\" height=\"104\" \/><\/a><\/aside>\n<aside id=\"black-studio-tinymce-8\" class=\"widget widget_black_studio_tinymce\">\n<div class=\"textwidget\">\n<div class=\"pi-testimonial-style  post_9690 style1\">\n<div class=\"pi-grid-style\">\n<div class=\"pi-testimonial owl-carousel grid-style1 layout-normal owl-loaded owl-drag\" data-carousel-options=\"{&quot;loop&quot;:true,&quot;nav&quot;:true,&quot;dots&quot;:false,&quot;autoplay&quot;:true,&quot;autoplayTimeout&quot;:&quot;5000&quot;,&quot;autoplaySpeed&quot;:&quot;&quot;,&quot;autoplayHoverPause&quot;:false,&quot;center&quot;:true,&quot;margin&quot;:20,&quot;responsive&quot;:{&quot;0&quot;:{&quot;items&quot;:&quot;1&quot;},&quot;576&quot;:{&quot;items&quot;:&quot;1&quot;},&quot;768&quot;:{&quot;items&quot;:&quot;1&quot;},&quot;992&quot;:{&quot;items&quot;:&quot;1&quot;},&quot;1200&quot;:{&quot;items&quot;:&quot;1&quot;}}}\">\n<div class=\"owl-stage-outer\">\n<div class=\"owl-stage\">\n<div class=\"owl-item cloned\">\n<div class=\"testmonial-modern\">\n<div class=\"pi-content\">Ponuku od oknaonline som vyhodnotil ako jednozna\u010dne najlep\u0161iu, pre istotu som si v\u0161ak zavolal oh\u013eadne ods\u00fahlasenia v\u0161etk\u00fdch podrobnost\u00ed dod\u00e1vky okien i dodato\u010dn\u00e9ho pr\u00edslu\u0161enstva. Pani Jan\u00edkov\u00e1 mi upravila nieko\u013eko polo\u017eiek v objedn\u00e1vke a za bezm\u00e1la 3 t\u00fd\u017edne som mal okn\u00e1 na stavbe. Jednozna\u010dne by som ponuku vyu\u017eil opakovane.<\/div>\n<div class=\"author-area\">\n<div class=\"testmonial-modern-name\">\n<h4>Roman Tanczer<\/h4>\n<p>Bratislava<\/p>\n<\/div>\n<\/div>\n<\/div>\n<\/div>\n<div class=\"owl-item cloned\">\n<div class=\"testmonial-modern\">\n<div class=\"pi-content\">S firmou Ekoprofil som bola celkovo spokojn\u00e1. V\u00fdber okien som mohla prekonzultova\u0165 s odborn\u00edkom, \u010do mi pomohlo rozhodn\u00fa\u0165 sa pr\u00e1ve pre tie okn\u00e1 a doplnky, ktor\u00e9 sp\u013a\u0148aj\u00fa moje predstavy a po\u017eiadavky. Vymeranie okien aj mont\u00e1\u017e prebiehali hladko a na\u010das. Ve\u013emi som ocenila aj flexibilitu, ked sa firma prisp\u00f4sobila mojim \u010dasov\u00fdm mo\u017enostiam.<\/div>\n<div class=\"author-area\">\n<div class=\"testmonial-modern-name\">\n<h4>Tatiana \u0160o\u0161kov\u00e1<\/h4>\n<p>\u017dilina<\/p>\n<\/div>\n<\/div>\n<\/div>\n<\/div>\n<div class=\"owl-item cloned\">\n<div class=\"testmonial-modern\">\n<div class=\"pi-content\">Na z\u00e1klade odpor\u00fa\u010dania ob\u010danov obce sme oslovili spolo\u010dnos\u0165 EKOPROFIL s po\u017eiadavkou na v\u00fdmenu okien a dver\u00ed na viacer\u00e9 obecn\u00e9 objekty. S preveden\u00edm pr\u00e1c, ako aj s komunik\u00e1ciu s firmou sme boli nadmieru spokojn\u00ed. S\u00fa pru\u017en\u00ed, r\u00fdchli, kvalitn\u00ed \u2013 tak\u00fdch firiem by na Slovensku malo by\u0165 viac.<\/div>\n<div class=\"author-area\">\n<div class=\"testmonial-modern-name\">\n<h4>Jaroslav T\u00f3th, Anton Koraus<\/h4>\n<p>poslanci za obec Svedern\u00edk \u2013 Mar\u010dek<\/p>\n<\/div>\n<\/div>\n<\/div>\n<\/div>\n<div class=\"owl-item\">\n<div class=\"testmonial-modern\">\n<div class=\"pi-content\">Touto cestou by som sa chcel po\u010fakova\u0165 Va\u0161ej spolo\u010dnosti v \u017diline, ktor\u00e1 mi operat\u00edvne, pod\u013ea mojich \u017eelan\u00ed, r\u00fdchlo a hlavne kvalitne namontovala plastov\u00e9 okn\u00e1 v celom byte. Ke\u010f\u017ee nie som zo \u017diliny, potreboval som, aby sa mi spolo\u010dnos\u0165 prisp\u00f4sobila tak \u010dasovo, ako aj v r\u00e1mci moj\u00edch po\u017eiadaviek nad r\u00e1mec povinnost\u00ed pracovn\u00edkov spolo\u010dnosti. Pracovn\u00edci boli ve\u013emi \u00fastretov\u00ed a flexibiln\u00ed. \u013dudsk\u00fd rozmer zamestnancov Va\u0161ej spolo\u010dnosti bol neocenite\u013en\u00fd. E\u0161te raz \u010fakujem ve\u013emi pekne.<\/div>\n<div class=\"author-area\">\n<div class=\"testmonial-modern-name\">\n<h4>Mgr. Robert Bielek<\/h4>\n<\/div>\n<\/div>\n<\/div>\n<\/div>\n<div class=\"owl-item\">\n<div class=\"testmonial-modern\">\n<div class=\"pi-content\">Pri dozorovan\u00ed stavieb sa \u010dasto stret\u00e1vame so spolo\u010dnos\u0165ou EKOPROFIL. Pre na\u0161ich klientov \u2013 investorov je d\u00f4le\u017eit\u00e9 realizova\u0165 v\u00fdstavbu odborne, kvalitne, ekonomicky a vyvarova\u0165 sa pr\u00edpadn\u00fdm nevhodn\u00fdm rie\u0161eniam z PD. Spolo\u010dnos\u0165 EKOPROFIL dok\u00e1\u017ee pon\u00faknu\u0165 v\u010faka svojej \u0161irokej ponuke ka\u017ed\u00e9mu investorovi variant \u201ena mieru\u201c, kvalita pr\u00e1ce je nad\u0161tandardn\u00e1 a v pr\u00edpade potreby spolu v\u017edy dok\u00e1\u017eeme n\u00e1js\u0165 alternat\u00edvu na nevhodn\u00e9 rie\u0161enie z PD. Vysoko hodnot\u00edme najm\u00e4 pohotovos\u0165 a snahu o maxim\u00e1lny \u00fa\u017eitok pre investora pri zachovan\u00ed priaznivej ceny.<\/div>\n<div class=\"author-area\">\n<div class=\"testmonial-modern-name\">\n<h4>Ing. Pavel Kom\u00e1rek<\/h4>\n<p>DOZORING, spol. s r.o. \u017dilina<\/p>\n<\/div>\n<\/div>\n<\/div>\n<\/div>\n<div class=\"owl-item\">\n<div class=\"testmonial-modern\">\n<div class=\"pi-content\">S firmou EKOPROFIL som mala mo\u017enos\u0165 spolupracova\u0165 pri v\u00fdmene okien v r\u00e1mci rozsiahlej rekon\u0161trukcie na\u0161ej \u0161koly. Stretla som sa s profesion\u00e1lnym a \u00fastretov\u00fdm pr\u00edstupom gener\u00e1lneho riadite\u013ea. Harmonogram pr\u00e1c bol v\u017edy vopred osobne dohodnut\u00fd medzi firmou a riadite\u013ekou \u0161koly. Vyu\u010dovanie v \u0161kole nemuselo by\u0165 preru\u0161en\u00e9. Firma prihliadala a dodr\u017eiavala bezpe\u010dnos\u0165 pri pr\u00e1ci vzh\u013eadom na pohyb \u017eiakov v \u0161kole. S kvalitou pr\u00e1c som ve\u013emi spokojn\u00e1.<\/div>\n<div class=\"author-area\">\n<div class=\"testmonial-modern-name\">\n<h4>Mgr. Anna Urbansk\u00e1<\/h4>\n<p>riadite\u013eka Z\u0160 L\u00faky, Vr\u00e1ble<\/p>\n<\/div>\n<\/div>\n<\/div>\n<\/div>\n<div class=\"owl-item\">\n<div class=\"testmonial-modern\">\n<div class=\"pi-content\">Ponuku od oknaonline som vyhodnotil ako jednozna\u010dne najlep\u0161iu, pre istotu som si v\u0161ak zavolal oh\u013eadne ods\u00fahlasenia v\u0161etk\u00fdch podrobnost\u00ed dod\u00e1vky okien i dodato\u010dn\u00e9ho pr\u00edslu\u0161enstva. Pani Jan\u00edkov\u00e1 mi upravila nieko\u013eko polo\u017eiek v objedn\u00e1vke a za bezm\u00e1la 3 t\u00fd\u017edne som mal okn\u00e1 na stavbe. Jednozna\u010dne by som ponuku vyu\u017eil opakovane.<\/div>\n<div class=\"author-area\">\n<div class=\"testmonial-modern-name\">\n<h4>Roman Tanczer<\/h4>\n<p>Bratislava<\/p>\n<\/div>\n<\/div>\n<\/div>\n<\/div>\n<div class=\"owl-item active center\">\n<div class=\"testmonial-modern\">\n<div class=\"pi-content\">S firmou Ekoprofil som bola celkovo spokojn\u00e1. V\u00fdber okien som mohla prekonzultova\u0165 s odborn\u00edkom, \u010do mi pomohlo rozhodn\u00fa\u0165 sa pr\u00e1ve pre tie okn\u00e1 a doplnky, ktor\u00e9 sp\u013a\u0148aj\u00fa moje predstavy a po\u017eiadavky. Vymeranie okien aj mont\u00e1\u017e prebiehali hladko a na\u010das. Ve\u013emi som ocenila aj flexibilitu, ked sa firma prisp\u00f4sobila mojim \u010dasov\u00fdm mo\u017enostiam.<\/div>\n<div class=\"author-area\">\n<div class=\"testmonial-modern-name\">\n<h4>Tatiana \u0160o\u0161kov\u00e1<\/h4>\n<p>\u017dilina<\/p>\n<\/div>\n<\/div>\n<\/div>\n<\/div>\n<div class=\"owl-item\">\n<div class=\"testmonial-modern\">\n<div class=\"pi-content\">Na z\u00e1klade odpor\u00fa\u010dania ob\u010danov obce sme oslovili spolo\u010dnos\u0165 EKOPROFIL s po\u017eiadavkou na v\u00fdmenu okien a dver\u00ed na viacer\u00e9 obecn\u00e9 objekty. S preveden\u00edm pr\u00e1c, ako aj s komunik\u00e1ciu s firmou sme boli nadmieru spokojn\u00ed. S\u00fa pru\u017en\u00ed, r\u00fdchli, kvalitn\u00ed \u2013 tak\u00fdch firiem by na Slovensku malo by\u0165 viac.<\/div>\n<div class=\"author-area\">\n<div class=\"testmonial-modern-name\">\n<h4>Jaroslav T\u00f3th, Anton Koraus<\/h4>\n<p>poslanci za obec Svedern\u00edk \u2013 Mar\u010dek<\/p>\n<\/div>\n<\/div>\n<\/div>\n<\/div>\n<div class=\"owl-item cloned\">\n<div class=\"testmonial-modern\">\n<div class=\"pi-content\">Touto cestou by som sa chcel po\u010fakova\u0165 Va\u0161ej spolo\u010dnosti v \u017diline, ktor\u00e1 mi operat\u00edvne, pod\u013ea mojich \u017eelan\u00ed, r\u00fdchlo a hlavne kvalitne namontovala plastov\u00e9 okn\u00e1 v celom byte. Ke\u010f\u017ee nie som zo \u017diliny, potreboval som, aby sa mi spolo\u010dnos\u0165 prisp\u00f4sobila tak \u010dasovo, ako aj v r\u00e1mci moj\u00edch po\u017eiadaviek nad r\u00e1mec povinnost\u00ed pracovn\u00edkov spolo\u010dnosti. Pracovn\u00edci boli ve\u013emi \u00fastretov\u00ed a flexibiln\u00ed. \u013dudsk\u00fd rozmer zamestnancov Va\u0161ej spolo\u010dnosti bol neocenite\u013en\u00fd. E\u0161te raz \u010fakujem ve\u013emi pekne.<\/div>\n<div class=\"author-area\">\n<div class=\"testmonial-modern-name\">\n<h4>Mgr. Robert Bielek<\/h4>\n<\/div>\n<\/div>\n<\/div>\n<\/div>\n<div class=\"owl-item cloned\">\n<div class=\"testmonial-modern\">\n<div class=\"pi-content\">Pri dozorovan\u00ed stavieb sa \u010dasto stret\u00e1vame so spolo\u010dnos\u0165ou EKOPROFIL. Pre na\u0161ich klientov \u2013 investorov je d\u00f4le\u017eit\u00e9 realizova\u0165 v\u00fdstavbu odborne, kvalitne, ekonomicky a vyvarova\u0165 sa pr\u00edpadn\u00fdm nevhodn\u00fdm rie\u0161eniam z PD. Spolo\u010dnos\u0165 EKOPROFIL dok\u00e1\u017ee pon\u00faknu\u0165 v\u010faka svojej \u0161irokej ponuke ka\u017ed\u00e9mu investorovi variant \u201ena mieru\u201c, kvalita pr\u00e1ce je nad\u0161tandardn\u00e1 a v pr\u00edpade potreby spolu v\u017edy dok\u00e1\u017eeme n\u00e1js\u0165 alternat\u00edvu na nevhodn\u00e9 rie\u0161enie z PD. Vysoko hodnot\u00edme najm\u00e4 pohotovos\u0165 a snahu o maxim\u00e1lny \u00fa\u017eitok pre investora pri zachovan\u00ed priaznivej ceny.<\/div>\n<div class=\"author-area\">\n<div class=\"testmonial-modern-name\">\n<h4>Ing. Pavel Kom\u00e1rek<\/h4>\n<p>DOZORING, spol. s r.o. \u017dilina<\/p>\n<\/div>\n<\/div>\n<\/div>\n<\/div>\n<div class=\"owl-item cloned\">\n<div class=\"testmonial-modern\">\n<div class=\"pi-content\">S firmou EKOPROFIL som mala mo\u017enos\u0165 spolupracova\u0165 pri v\u00fdmene okien v r\u00e1mci rozsiahlej rekon\u0161trukcie na\u0161ej \u0161koly. Stretla som sa s profesion\u00e1lnym a \u00fastretov\u00fdm pr\u00edstupom gener\u00e1lneho riadite\u013ea. Harmonogram pr\u00e1c bol v\u017edy vopred osobne dohodnut\u00fd medzi firmou a riadite\u013ekou \u0161koly. Vyu\u010dovanie v \u0161kole nemuselo by\u0165 preru\u0161en\u00e9. Firma prihliadala a dodr\u017eiavala bezpe\u010dnos\u0165 pri pr\u00e1ci vzh\u013eadom na pohyb \u017eiakov v \u0161kole. S kvalitou pr\u00e1c som ve\u013emi spokojn\u00e1.<\/div>\n<div class=\"author-area\">\n<div class=\"testmonial-modern-name\">\n<h4>Mgr. Anna Urbansk\u00e1<\/h4>\n<p>riadite\u013eka Z\u0160 L\u00faky, Vr\u00e1ble<\/p>\n<\/div>\n<\/div>\n<\/div>\n<\/div>\n<\/div>\n<\/div>\n<div class=\"owl-nav\"><\/div>\n<\/div>\n<\/div>\n<\/div>\n<\/div>\n<\/aside>\n<aside id=\"text-7\" class=\"widget widget_text\"><\/aside>\n<\/div>\n<\/div>\n<\/div><\/section>\n\n","protected":false},"excerpt":{"rendered":"","protected":false},"author":1,"featured_media":0,"parent":0,"menu_order":0,"comment_status":"closed","ping_status":"closed","template":"","meta":{"footnotes":""},"class_list":["post-1000","page","type-page","status-publish","hentry"],"yoast_head":"<!-- This site is optimized with the Yoast SEO plugin v27.3 - https:\/\/yoast.com\/product\/yoast-seo-wordpress\/ -->\n<title>Osobn\u00e9 \u00fadaje - N\u00e1ro\u010dn\u00e9 projekty s Ekoprofilom<\/title>\n<meta name=\"robots\" content=\"index, follow, max-snippet:-1, max-image-preview:large, max-video-preview:-1\" \/>\n<link rel=\"canonical\" href=\"https:\/\/narocneprojekty.sk\/index.php\/osobne-udaje\/\" \/>\n<meta property=\"og:locale\" content=\"sk_SK\" \/>\n<meta property=\"og:type\" content=\"article\" \/>\n<meta property=\"og:title\" content=\"Osobn\u00e9 \u00fadaje - N\u00e1ro\u010dn\u00e9 projekty s Ekoprofilom\" \/>\n<meta property=\"og:url\" content=\"https:\/\/narocneprojekty.sk\/index.php\/osobne-udaje\/\" \/>\n<meta property=\"og:site_name\" content=\"N\u00e1ro\u010dn\u00e9 projekty s Ekoprofilom\" \/>\n<meta property=\"article:modified_time\" content=\"2022-02-01T05:35:45+00:00\" \/>\n<meta property=\"og:image\" content=\"https:\/\/www.ekoprofil.sk\/wp-content\/uploads\/2021\/02\/ekoprofil_BUTTONY_Akcia-new.jpg\" \/>\n<meta name=\"twitter:card\" content=\"summary_large_image\" \/>\n<meta name=\"twitter:label1\" content=\"Predpokladan\u00fd \u010das \u010d\u00edtania\" \/>\n\t<meta name=\"twitter:data1\" content=\"10 min\u00fat\" \/>\n<script type=\"application\/ld+json\" class=\"yoast-schema-graph\">{\"@context\":\"https:\\\/\\\/schema.org\",\"@graph\":[{\"@type\":\"WebPage\",\"@id\":\"https:\\\/\\\/narocneprojekty.sk\\\/index.php\\\/osobne-udaje\\\/\",\"url\":\"https:\\\/\\\/narocneprojekty.sk\\\/index.php\\\/osobne-udaje\\\/\",\"name\":\"Osobn\u00e9 \u00fadaje - N\u00e1ro\u010dn\u00e9 projekty s Ekoprofilom\",\"isPartOf\":{\"@id\":\"https:\\\/\\\/narocneprojekty.sk\\\/#website\"},\"primaryImageOfPage\":{\"@id\":\"https:\\\/\\\/narocneprojekty.sk\\\/index.php\\\/osobne-udaje\\\/#primaryimage\"},\"image\":{\"@id\":\"https:\\\/\\\/narocneprojekty.sk\\\/index.php\\\/osobne-udaje\\\/#primaryimage\"},\"thumbnailUrl\":\"https:\\\/\\\/www.ekoprofil.sk\\\/wp-content\\\/uploads\\\/2021\\\/02\\\/ekoprofil_BUTTONY_Akcia-new.jpg\",\"datePublished\":\"2022-02-01T05:35:44+00:00\",\"dateModified\":\"2022-02-01T05:35:45+00:00\",\"breadcrumb\":{\"@id\":\"https:\\\/\\\/narocneprojekty.sk\\\/index.php\\\/osobne-udaje\\\/#breadcrumb\"},\"inLanguage\":\"sk-SK\",\"potentialAction\":[{\"@type\":\"ReadAction\",\"target\":[\"https:\\\/\\\/narocneprojekty.sk\\\/index.php\\\/osobne-udaje\\\/\"]}]},{\"@type\":\"ImageObject\",\"inLanguage\":\"sk-SK\",\"@id\":\"https:\\\/\\\/narocneprojekty.sk\\\/index.php\\\/osobne-udaje\\\/#primaryimage\",\"url\":\"https:\\\/\\\/www.ekoprofil.sk\\\/wp-content\\\/uploads\\\/2021\\\/02\\\/ekoprofil_BUTTONY_Akcia-new.jpg\",\"contentUrl\":\"https:\\\/\\\/www.ekoprofil.sk\\\/wp-content\\\/uploads\\\/2021\\\/02\\\/ekoprofil_BUTTONY_Akcia-new.jpg\"},{\"@type\":\"BreadcrumbList\",\"@id\":\"https:\\\/\\\/narocneprojekty.sk\\\/index.php\\\/osobne-udaje\\\/#breadcrumb\",\"itemListElement\":[{\"@type\":\"ListItem\",\"position\":1,\"name\":\"Home\",\"item\":\"https:\\\/\\\/narocneprojekty.sk\\\/index.php\\\/narocneprojekty\\\/\"},{\"@type\":\"ListItem\",\"position\":2,\"name\":\"Osobn\u00e9 \u00fadaje\"}]},{\"@type\":\"WebSite\",\"@id\":\"https:\\\/\\\/narocneprojekty.sk\\\/#website\",\"url\":\"https:\\\/\\\/narocneprojekty.sk\\\/\",\"name\":\"N\u00e1ro\u010dn\u00e9 projekty s Ekoprofilom\",\"description\":\"\",\"potentialAction\":[{\"@type\":\"SearchAction\",\"target\":{\"@type\":\"EntryPoint\",\"urlTemplate\":\"https:\\\/\\\/narocneprojekty.sk\\\/?s={search_term_string}\"},\"query-input\":{\"@type\":\"PropertyValueSpecification\",\"valueRequired\":true,\"valueName\":\"search_term_string\"}}],\"inLanguage\":\"sk-SK\"}]}<\/script>\n<!-- \/ Yoast SEO plugin. -->","yoast_head_json":{"title":"Osobn\u00e9 \u00fadaje - N\u00e1ro\u010dn\u00e9 projekty s Ekoprofilom","robots":{"index":"index","follow":"follow","max-snippet":"max-snippet:-1","max-image-preview":"max-image-preview:large","max-video-preview":"max-video-preview:-1"},"canonical":"https:\/\/narocneprojekty.sk\/index.php\/osobne-udaje\/","og_locale":"sk_SK","og_type":"article","og_title":"Osobn\u00e9 \u00fadaje - N\u00e1ro\u010dn\u00e9 projekty s Ekoprofilom","og_url":"https:\/\/narocneprojekty.sk\/index.php\/osobne-udaje\/","og_site_name":"N\u00e1ro\u010dn\u00e9 projekty s Ekoprofilom","article_modified_time":"2022-02-01T05:35:45+00:00","og_image":[{"url":"https:\/\/www.ekoprofil.sk\/wp-content\/uploads\/2021\/02\/ekoprofil_BUTTONY_Akcia-new.jpg","type":"","width":"","height":""}],"twitter_card":"summary_large_image","twitter_misc":{"Predpokladan\u00fd \u010das \u010d\u00edtania":"10 min\u00fat"},"schema":{"@context":"https:\/\/schema.org","@graph":[{"@type":"WebPage","@id":"https:\/\/narocneprojekty.sk\/index.php\/osobne-udaje\/","url":"https:\/\/narocneprojekty.sk\/index.php\/osobne-udaje\/","name":"Osobn\u00e9 \u00fadaje - N\u00e1ro\u010dn\u00e9 projekty s Ekoprofilom","isPartOf":{"@id":"https:\/\/narocneprojekty.sk\/#website"},"primaryImageOfPage":{"@id":"https:\/\/narocneprojekty.sk\/index.php\/osobne-udaje\/#primaryimage"},"image":{"@id":"https:\/\/narocneprojekty.sk\/index.php\/osobne-udaje\/#primaryimage"},"thumbnailUrl":"https:\/\/www.ekoprofil.sk\/wp-content\/uploads\/2021\/02\/ekoprofil_BUTTONY_Akcia-new.jpg","datePublished":"2022-02-01T05:35:44+00:00","dateModified":"2022-02-01T05:35:45+00:00","breadcrumb":{"@id":"https:\/\/narocneprojekty.sk\/index.php\/osobne-udaje\/#breadcrumb"},"inLanguage":"sk-SK","potentialAction":[{"@type":"ReadAction","target":["https:\/\/narocneprojekty.sk\/index.php\/osobne-udaje\/"]}]},{"@type":"ImageObject","inLanguage":"sk-SK","@id":"https:\/\/narocneprojekty.sk\/index.php\/osobne-udaje\/#primaryimage","url":"https:\/\/www.ekoprofil.sk\/wp-content\/uploads\/2021\/02\/ekoprofil_BUTTONY_Akcia-new.jpg","contentUrl":"https:\/\/www.ekoprofil.sk\/wp-content\/uploads\/2021\/02\/ekoprofil_BUTTONY_Akcia-new.jpg"},{"@type":"BreadcrumbList","@id":"https:\/\/narocneprojekty.sk\/index.php\/osobne-udaje\/#breadcrumb","itemListElement":[{"@type":"ListItem","position":1,"name":"Home","item":"https:\/\/narocneprojekty.sk\/index.php\/narocneprojekty\/"},{"@type":"ListItem","position":2,"name":"Osobn\u00e9 \u00fadaje"}]},{"@type":"WebSite","@id":"https:\/\/narocneprojekty.sk\/#website","url":"https:\/\/narocneprojekty.sk\/","name":"N\u00e1ro\u010dn\u00e9 projekty s Ekoprofilom","description":"","potentialAction":[{"@type":"SearchAction","target":{"@type":"EntryPoint","urlTemplate":"https:\/\/narocneprojekty.sk\/?s={search_term_string}"},"query-input":{"@type":"PropertyValueSpecification","valueRequired":true,"valueName":"search_term_string"}}],"inLanguage":"sk-SK"}]}},"_links":{"self":[{"href":"https:\/\/narocneprojekty.sk\/index.php\/wp-json\/wp\/v2\/pages\/1000","targetHints":{"allow":["GET"]}}],"collection":[{"href":"https:\/\/narocneprojekty.sk\/index.php\/wp-json\/wp\/v2\/pages"}],"about":[{"href":"https:\/\/narocneprojekty.sk\/index.php\/wp-json\/wp\/v2\/types\/page"}],"author":[{"embeddable":true,"href":"https:\/\/narocneprojekty.sk\/index.php\/wp-json\/wp\/v2\/users\/1"}],"replies":[{"embeddable":true,"href":"https:\/\/narocneprojekty.sk\/index.php\/wp-json\/wp\/v2\/comments?post=1000"}],"version-history":[{"count":2,"href":"https:\/\/narocneprojekty.sk\/index.php\/wp-json\/wp\/v2\/pages\/1000\/revisions"}],"predecessor-version":[{"id":1047,"href":"https:\/\/narocneprojekty.sk\/index.php\/wp-json\/wp\/v2\/pages\/1000\/revisions\/1047"}],"wp:attachment":[{"href":"https:\/\/narocneprojekty.sk\/index.php\/wp-json\/wp\/v2\/media?parent=1000"}],"curies":[{"name":"wp","href":"https:\/\/api.w.org\/{rel}","templated":true}]}}